{"id":27,"date":"2023-12-27T13:48:49","date_gmt":"2023-12-27T13:48:49","guid":{"rendered":"https:\/\/evasion-massages.ch\/?page_id=27"},"modified":"2025-11-06T08:12:00","modified_gmt":"2025-11-06T08:12:00","slug":"brevet-federal-mm","status":"publish","type":"page","link":"https:\/\/evasion-massages.ch\/?page_id=27","title":{"rendered":"Brevet f\u00e9d\u00e9ral MM"},"content":{"rendered":"<div  data-label=\"Team\" data-id=\"team--1\" data-export-id=\"team-5\" data-category=\"team\" class=\"team-5 content-section content-section-spacing\" id=\"team-1\" style=\"background-color: rgb(245, 250, 253); background-image: none;\"><div  class=\"gridContainer\"> <div  class=\"row text-center\"><div  class=\"section-title-col\" data-type=\"column\"> <h2  class=\"\">Une masseuse m\u00e9dicale avec brevet f\u00e9d\u00e9ral c\u2019est quoi ?<\/h2> <p  class=\"lead\">Le brevet f\u00e9d\u00e9ral de masseuse m\u00e9dicale est un dipl\u00f4me d\u00e9livr\u00e9 et attest\u00e9 par la Conf\u00e9d\u00e9ration Suisse.<br >\r\nLa formation de masseuse m\u00e9dicale dure 3-5ans en emploi.<br >\r\nLes candidats, pour \u00eatre admis aux examens de brevet f\u00e9d\u00e9ral, doivent avoir valid\u00e9 les 8 modules durant leur formation dans une \u00e9cole agr\u00e9e par l\u2019OdA mm (organisation du monde du travail des masseurs m\u00e9dicaux)<\/p><\/div> <\/div> <div  class=\"row spaced-cols content-center-sm\" data-type=\"row\"> <div  class=\"col-xs-12 col-sm-6 col-padding col-md-6 \"> <div  class=\"row \"> <div  data-type=\"column\" class=\"col-xs-12 col-sm-12\"> <img  decoding=\"async\" class=\"round face\" src=\"https:\/\/evasion-massages.ch\/wp-content\/uploads\/2023\/12\/cropped-cropped-cropped-IMG_3575-e1494264993724-scaled-1.jpg\" title=\"cropped-cropped-cropped-IMG_3575-e1494264993724-scaled-1.jpg\" alt=\"\"> <h4  class=\"font-500\">Corine<\/h4>  <p  class=\"\">Novembre 2021 Corine a r\u00e9ussi son brevet f\u00e9d\u00e9ral de masseuse m\u00e9dicale.\r\n<br ><br >\r\nDepuis 2022, Corine a pris la casquette d\u2019enseignante au sein de l\u2019\u00e9cole CFMM (Centre Formation Masseur M\u00e9dical), elle sera dans l\u2019enseignement 1-2jours par mois. Corine va \u00e9galement d\u00e9couvrir le c\u00f4t\u00e9 expert aux examens f\u00e9d\u00e9raux en octobre 2022.<\/p> <div  class=\"social-icons-group\" data-type=\"group\"> <a  href=\"#\" target=\"_self\" data-reiki-hidden=\"true\" rel=\"noopener\"><i  class=\"fa icon fa-facebook-square gray\"><\/i><\/a> <a  href=\"#\" target=\"_self\" data-reiki-hidden=\"true\" rel=\"noopener\"><i  class=\"fa icon fa-twitter-square gray\"><\/i><\/a> <a  href=\"#\" target=\"_self\" data-reiki-hidden=\"true\" rel=\"noopener\"><i  class=\"fa icon fa-linkedin-square gray\"><\/i><\/a> <a  href=\"#\" target=\"_self\" data-reiki-hidden=\"true\" rel=\"noopener\"><i  class=\"fa icon fa-google-plus-square gray\"><\/i><\/a><\/div> <\/div><\/div> <\/div> <div  class=\"col-xs-12 col-sm-6 col-padding col-md-6 \"> <div  class=\"row \"> <div  data-type=\"column\" class=\"col-xs-12 col-sm-12\"> <img  decoding=\"async\" class=\"round face\" src=\"https:\/\/evasion-massages.ch\/wp-content\/uploads\/2023\/12\/cropped-IMG_3606-Copie.jpg\" title=\"cropped-IMG_3606-Copie\" alt=\"\"> <h4  class=\"font-500\">Nicole<\/h4>  <p  class=\"\">Novembre 2025, Nicole rejoint Corine, elle a r\u00e9ussi son brevet f\u00e9d\u00e9ral de masseuse m\u00e9dicale.<br ><br ><\/p> <div  class=\"social-icons-group\" data-type=\"group\"> <a  href=\"#\" target=\"_self\" data-reiki-hidden=\"true\" rel=\"noopener\"><i  class=\"fa icon fa-facebook-square gray\"><\/i><\/a> <a  href=\"#\" target=\"_self\" data-reiki-hidden=\"true\" rel=\"noopener\"><i  class=\"fa icon fa-twitter-square gray\"><\/i><\/a> <a  href=\"#\" target=\"_self\" data-reiki-hidden=\"true\" rel=\"noopener\"><i  class=\"fa icon fa-linkedin-square gray\"><\/i><\/a> <a  href=\"#\" target=\"_self\" data-reiki-hidden=\"true\" rel=\"noopener\"><i  class=\"fa icon fa-google-plus-square gray\"><\/i><\/a><\/div> <\/div><\/div> <\/div>      <\/div> <\/div><\/div><div  data-label=\"Features\" data-id=\"features--1\" data-export-id=\"features-13\" data-category=\"features\" class=\"features-13 content-section content-section-spacing\" id=\"features-1\" style=\"background-color: rgb(245, 250, 253); background-image: none;\"><div  class=\"gridContainer\"> <div  class=\"row text-center\"><div  class=\"section-title-col\" data-type=\"column\">  <p  class=\"lead\">Voici les 8 modules<\/p><\/div> <\/div> <div  class=\"row spaced-cols\" data-type=\"row\"> <div  class=\"col col-sm-6 space-bottom col-md-3\">  <h4  class=\"\">Module 1<\/h4> <p  class=\"\">Saisie, interpr\u00e9tation et documentation des donn\u00e9es<\/p> <\/div> <div  class=\"col col-sm-6 space-bottom col-md-3\"> <h4  class=\"\">Module 2<\/h4> <p  class=\"\">Processus d\u2019intervention et mesures th\u00e9rapeutiques<\/p> <\/div> <div  class=\"col col-sm-6 space-bottom col-md-3\"> <h4  class=\"\">Module 3<\/h4> <p  class=\"\">Mise en oeuvre et ex\u00e9cution des mesures th\u00e9rapeutiques<\/p> <\/div> <div  class=\"col col-sm-6 space-bottom col-md-3\"> <h4  class=\"\">Module 4<\/h4> <p  class=\"\">Organisation des relations, coop\u00e9ration et ma\u00eetrise de conflit<\/p> <\/div> <div  class=\"col col-sm-6 space-bottom col-md-3\">  <h4  class=\"\">Module 5<\/h4> <p  class=\"\">Am\u00e9nagemednt du poste de travail<\/p> <\/div><div  class=\"col col-sm-6 space-bottom col-md-3\">  <h4  class=\"\">Module 6<\/h4> <p  class=\"\">Assurance de l\u2019administration et organisation du travail<\/p> <\/div><div  class=\"col col-sm-6 space-bottom col-md-3\">  <h4  class=\"\">Module 7<\/h4> <p  class=\"\">Assurance de la qualit\u00e9<\/p> <\/div><div  class=\"col col-sm-6 space-bottom col-md-3\">  <h4  class=\"\">Module 8<\/h4> <p  class=\"\">Stage clinique<\/p> <\/div><\/div><\/div> <\/div><div  data-label=\"Features\" data-id=\"features--2\" data-export-id=\"features-13\" data-category=\"features\" class=\"features-13 content-section content-section-spacing\" id=\"features-2\" style=\"background-color: rgb(255, 255, 255);\"><div  class=\"gridContainer\"> <div  class=\"row text-center\"><div  class=\"section-title-col\" data-type=\"column\">  <p  class=\"lead\">Durant la validation de ces 8 modules, la masseuse m\u00e9dicale apprend \u00e0 ma\u00eetriser les 6 th\u00e9rapies suivantes \u00e9valu\u00e9es durant les examens f\u00e9d\u00e9raux.<\/p><\/div> <\/div> <div  class=\"row spaced-cols\" data-type=\"row\"> <div  class=\"col col-sm-6 space-bottom col-md-4\">  <h4  class=\"\">Le massage classique ou m\u00e9dical<\/h4> <p  class=\"\">Ces massages sont toujours \u00e0 but th\u00e9rapeutique. Ils utilisent diff\u00e9rentes techniques, dont celle des points Trigger, qui permettent la d\u00e9tente musculaire et conjonctifs, l\u2019\u00e9limination ou la diminution des tensions gr\u00e2ce \u00e0 l\u2019action physique du massage.<\/p> <\/div> <div  class=\"col col-sm-6 space-bottom col-md-4\"> <h4  class=\"\">Le drainage lymphatique et th\u00e9rapie compressive<\/h4> <p  class=\"\">Th\u00e9rapie manuelle douce qui consiste \u00e0 rediriger la lymphe et dynamiser son flux en direction des ganglions lymphatiques. La finalit\u00e9 \u00e9tant de r\u00e9duire un \u0153d\u00e8me chronique ou \u00e9liminer un \u0153d\u00e8me aigu. Le\/la th\u00e9rapeute a les connaissances pour reconna\u00eetre et traiter les diff\u00e9rents types d\u2019\u0153d\u00e8mes.<\/p> <\/div> <div  class=\"col col-sm-6 space-bottom col-md-4\"> <h4  class=\"\">Massage des zones r\u00e9flexes du pied<\/h4> <p  class=\"\">Massage des pieds pour travailler les organes \u00e0 distance via leur zones correspondantes, bas\u00e9 sur une carte des zones corporelles d\u00e9velopp\u00e9es au 20e si\u00e8cle. Pathologies : Troubles des diff\u00e9rents syst\u00e8mes du corps : respiratoire, digestif, urinaire, endocrinien, g\u00e9nital, etc.<\/p> <\/div> <div  class=\"col col-sm-6 space-bottom col-md-4\"> <h4  class=\"\">Le massage du tissu conjonctif<\/h4> <p  class=\"\">Th\u00e9rapie r\u00e9flexe qui permet de traiter les dysfonctions organiques \u00e0 distance via le syst\u00e8me neuro-v\u00e9g\u00e9tatif. Pour ce faire on utilise la technique du \u00ab trait tir\u00e9 \u00bb (=&gt; mobilisation, \u00e9tirement des fascias \/ tissu conjonctif) d\u2019Elisabeth Dicke en ciblant sp\u00e9cifiquement le tissu conjonctif sous cutan\u00e9.<\/p> <\/div> <div  class=\"col col-sm-6 space-bottom col-md-4\">  <h4  class=\"\">L\u2019\u00e9lectroth\u00e9rapie<\/h4> <p  class=\"\">Technique utilisant des courants \u00e9lectriques de diverses fr\u00e9quences, appliqu\u00e9s sur une partie du corps dans un but th\u00e9rapeutique. Dans l\u2019organisme, le courant a pour effet de soulager les douleurs et de favoriser la circulation, favorisant soit la d\u00e9tente, soit la contraction.<\/p> <\/div><div  class=\"col col-sm-6 space-bottom col-md-4\">  <h4  class=\"\">L\u2019hydroth\u00e9rapie<\/h4> <p  class=\"\">Le terme \u00ab hydroth\u00e9rapie \u00bb regroupe diff\u00e9rentes fa\u00e7ons d\u2019utiliser l\u2019eau pour traiter diverses maladies. Elle est utilis\u00e9e dans ses trois \u00e9tats physiques : l\u2019\u00e9tat solide (glace), l\u2019\u00e9tat liquide (eau) et l\u2019\u00e9tat gazeux (vapeur), pour ses effets vasoconstricteurs et vasodilatateurs<\/p> <\/div><\/div><\/div> <\/div><div  data-label=\"Features\" data-id=\"features--3\" data-export-id=\"features-13\" data-category=\"features\" class=\"features-13 content-section content-section-spacing\" id=\"features-3\" style=\"background-color: rgb(245, 250, 253);\"><div  class=\"gridContainer\"> <div  class=\"row text-center\"><div  class=\"section-title-col\" data-type=\"column\">  <p  class=\"lead\">Pour les traitements en hydroth\u00e9rapie, les infrastructures au sein de l\u2019institut \u00c9vasion ne permettent pas de pouvoir faire tous les traitements mais certains oui. Nous sommes \u00e0 votre disposition si vous avez besoin de renseignements et vous conseille volontiers sur les applications que vous pouvez effectuer chez vous \u00e0 la maison.\r\n<br ><br >\r\nNous nous tenons \u00e0 votre enti\u00e8re disposition pour toutes les \u00e9ventuelles questions concernant le brevet f\u00e9d\u00e9ral de masseuse m\u00e9dicale.\r\n<br ><br >\r\nMerci pour votre lecture, \u00e0 bient\u00f4t<br >\r\nCorine et Nicole<\/p><\/div> <\/div> <div  class=\"row spaced-cols\" data-type=\"row\"> <div  class=\"col col-sm-6 col-md-3 space-bottom\">    <\/div>    <\/div><\/div> <\/div>","protected":false},"excerpt":{"rendered":"<p>Une masseuse m\u00e9dicale avec brevet f\u00e9d\u00e9ral c\u2019est quoi ? Le brevet f\u00e9d\u00e9ral de masseuse m\u00e9dicale est un dipl\u00f4me d\u00e9livr\u00e9 et attest\u00e9 par la Conf\u00e9d\u00e9ration Suisse. La formation de masseuse m\u00e9dicale dure 3-5ans en emploi. Les candidats, pour \u00eatre admis aux examens de brevet f\u00e9d\u00e9ral, doivent avoir valid\u00e9 les 8 modules durant leur formation dans une&hellip; <br \/> <a class=\"read-more\" href=\"https:\/\/evasion-massages.ch\/?page_id=27\">Read more<\/a><\/p>\n","protected":false},"author":1,"featured_media":0,"parent":0,"menu_order":0,"comment_status":"closed","ping_status":"closed","template":"page-templates\/homepage.php","meta":{"footnotes":""},"class_list":["post-27","page","type-page","status-publish","hentry"],"_links":{"self":[{"href":"https:\/\/evasion-massages.ch\/index.php?rest_route=\/wp\/v2\/pages\/27","targetHints":{"allow":["GET"]}}],"collection":[{"href":"https:\/\/evasion-massages.ch\/index.php?rest_route=\/wp\/v2\/pages"}],"about":[{"href":"https:\/\/evasion-massages.ch\/index.php?rest_route=\/wp\/v2\/types\/page"}],"author":[{"embeddable":true,"href":"https:\/\/evasion-massages.ch\/index.php?rest_route=\/wp\/v2\/users\/1"}],"replies":[{"embeddable":true,"href":"https:\/\/evasion-massages.ch\/index.php?rest_route=%2Fwp%2Fv2%2Fcomments&post=27"}],"version-history":[{"count":7,"href":"https:\/\/evasion-massages.ch\/index.php?rest_route=\/wp\/v2\/pages\/27\/revisions"}],"predecessor-version":[{"id":253,"href":"https:\/\/evasion-massages.ch\/index.php?rest_route=\/wp\/v2\/pages\/27\/revisions\/253"}],"wp:attachment":[{"href":"https:\/\/evasion-massages.ch\/index.php?rest_route=%2Fwp%2Fv2%2Fmedia&parent=27"}],"curies":[{"name":"wp","href":"https:\/\/api.w.org\/{rel}","templated":true}]}}